{"id":6126,"date":"2016-07-06T18:00:39","date_gmt":"2016-07-06T15:00:39","guid":{"rendered":"http:\/\/www.thesandbox.eu\/de\/about\/20-years-omilo\/"},"modified":"2022-10-07T16:18:38","modified_gmt":"2022-10-07T13:18:38","slug":"25-jahre-omilo","status":"publish","type":"page","link":"https:\/\/omilo.com\/de\/ueber\/25-jahre-omilo\/","title":{"rendered":"25 Jahre Omilo"},"content":{"rendered":"<div id='av_section_1'  class='avia-section main_color avia-section-default avia-no-border-styling  avia-full-stretch avia-bg-style-scroll  avia-builder-el-0  el_before_av_section  avia-builder-el-first   av-minimum-height av-minimum-height-custom  container_wrap sidebar_right' style='background-repeat: no-repeat; background-image: url(https:\/\/omilo.com\/wp-content\/uploads\/2018\/08\/omilo-20-years-new-001.jpg);background-attachment: scroll; background-position: top center;  '  data-section-bg-repeat='stretch'><div class='container' style='height:350px'><main  role=\"main\" itemprop=\"mainContentOfPage\"  class='template-page content  av-content-small alpha units'><div class='post-entry post-entry-type-page post-entry-6126'><div class='entry-content-wrapper clearfix'>\n<\/div><\/div><\/main><!-- close content main element --><\/div><\/div><div id='top'  class='avia-section main_color avia-section-default avia-no-border-styling  avia-bg-style-scroll  avia-builder-el-1  el_after_av_section  el_before_av_section   container_wrap sidebar_right' style='background-color: #eeeeee;  '  ><div class='container' ><div class='template-page content  av-content-small alpha units'><div class='post-entry post-entry-type-page post-entry-6126'><div class='entry-content-wrapper clearfix'>\n<div class=\"flex_column av_one_half  flex_column_div av-zero-column-padding first  avia-builder-el-2  el_before_av_one_half  avia-builder-el-first  \" style='border-radius:0px; '><section class=\"av_textblock_section \"  itemscope=\"itemscope\" itemtype=\"https:\/\/schema.org\/CreativeWork\" ><div class='avia_textblock  '   itemprop=\"text\" ><h1><img loading=\"lazy\" decoding=\"async\" class=\"alignnone size-entry_with_sidebar wp-image-33312\" src=\"https:\/\/omilo.com\/wp-content\/uploads\/2022\/10\/website-team-compressed-845x321.jpg\" alt=\"Omilo teachers and staff\" width=\"845\" height=\"321\" \/>25 Jahre Omilo<br \/>\nUnsere Geschichte<br \/>\n<img loading=\"lazy\" decoding=\"async\" class=\"alignleft wp-image-16794\" src=\"https:\/\/omilo.com\/wp-content\/uploads\/2018\/08\/omilo-banner-staff-new-001-1.jpg\" alt=\"Staff\" width=\"876\" height=\"278\" srcset=\"https:\/\/omilo.com\/wp-content\/uploads\/2018\/08\/omilo-banner-staff-new-001-1.jpg 2048w, https:\/\/omilo.com\/wp-content\/uploads\/2018\/08\/omilo-banner-staff-new-001-1-300x95.jpg 300w, https:\/\/omilo.com\/wp-content\/uploads\/2018\/08\/omilo-banner-staff-new-001-1-2000x635.jpg 2000w, https:\/\/omilo.com\/wp-content\/uploads\/2018\/08\/omilo-banner-staff-new-001-1-1500x476.jpg 1500w, https:\/\/omilo.com\/wp-content\/uploads\/2018\/08\/omilo-banner-staff-new-001-1-705x224.jpg 705w, https:\/\/omilo.com\/wp-content\/uploads\/2018\/08\/omilo-banner-staff-new-001-1-450x143.jpg 450w\" sizes=\"(max-width: 876px) 100vw, 876px\" \/><\/h1>\n<\/div><\/section><br \/>\n<section class=\"av_textblock_section \"  itemscope=\"itemscope\" itemtype=\"https:\/\/schema.org\/CreativeWork\" ><div class='avia_textblock  '   itemprop=\"text\" ><h3>Already for 25 years, we are taking care of our dream-students,<br \/>\nand looking forward to many years to come&#8230;<\/h3>\n<\/div><\/section><br \/>\n<div  style='height:50px' class='hr hr-invisible   avia-builder-el-5  el_after_av_textblock  avia-builder-el-last '><span class='hr-inner ' ><span class='hr-inner-style'><\/span><\/span><\/div><\/p><\/div><div class=\"flex_column av_one_half  flex_column_div av-zero-column-padding   avia-builder-el-6  el_after_av_one_half  avia-builder-el-last  \" style='border-radius:0px; '><section class=\"av_textblock_section \"  itemscope=\"itemscope\" itemtype=\"https:\/\/schema.org\/CreativeWork\" ><div class='avia_textblock  '   itemprop=\"text\" ><p><strong>Im Laufe der letzten 25 Jahre hat Omilo sich von einem Traum zu einer erfolgreichen griechischen Sprachschule erweitert und bietet Studenten aus aller Welt griechische Sprach- und Kulturkurse an.<\/strong><\/p>\n<p>Omilo wurde 1996 von Dimitris und Maya Andreadis gegr\u00fcndet. Dimitris unterrichtet Griechisch und besch\u00e4ftigt sich mit den rechtlichen Aspekten der Sprachschule, w\u00e4hrend Maya sich um den t\u00e4glichen Ablauf, administrative Belange, sowie um die sich laufend \u00e4ndernden spezifischen Anspr\u00fcche des Sprachzentrums und seiner Studenten k\u00fcmmert. Die beiden sind viel gereist und verf\u00fcgen auch beruflich \u00fcber einen enormen Erfahrungsschatz im \u201ekulturellen Tourismus\u201c in Griechenland und im \u00fcbrigen Europa, den sie in ihre Arbeit an der Sprachschule tagt\u00e4glich mayaeinflie\u00dfen lassen; ein Pluspunkt, der sich ungemein bereichernd auf den Umgang und die spezifischen W\u00fcnsche der Lerner auswirkt.<\/p>\n<p>Omilo bietet in erster Linie Sprachkurse auf qualitativ sehr hohem Niveau, die von dynamischen und erfahrenen GriechischlehrerInnen gehalten werden. Au\u00dferdem m\u00f6chte Omilo seinen StudentInnen moderne Aspekte Griechenlands n\u00e4her bringen. Eines der vorrangigen Ziele Dimitris, Mayas und der Unterrichtenden ist es Ihren StudentInnen aller Herkunftsl\u00e4nder und Altersschichten, ihr umfassendes Wissen \u00fcber das heutige Athen, das Leben in Griechenland und die griechische Kultur ganz generell zu vermitteln.<br \/>\nSeit 1997 haben wir erfolgreich Kurse an den verschiedensten Standorten in Griechenland organisiert \u2013 in Nea Makri, Limni (Evia), Nafplion und auf den Inseln Hydra, Syros, Andros und Lefkada. Dennoch sind wir weiterhin auf Expansionskurs und st\u00e4ndig auf der Suche nach neuen Kursusorten. Warum? Weil wir unseren Sch\u00fclern die endlosen Sch\u00f6nheiten Griechenlands zeigen wollen.<\/p>\n<\/div><\/section><\/div><\/div><\/div><\/div><!-- close content main div --><\/div><\/div><div id='about'  class='avia-section main_color avia-section-default avia-no-border-styling  avia-bg-style-scroll  avia-builder-el-8  el_after_av_section  el_before_av_section   container_wrap sidebar_right' style='background-color: #eeeeee;  '  ><div class='container' ><div class='template-page content  av-content-small alpha units'><div class='post-entry post-entry-type-page post-entry-6126'><div class='entry-content-wrapper clearfix'>\n<div class=\"flex_column av_four_fifth  flex_column_div av-zero-column-padding first  avia-builder-el-9  avia-builder-el-no-sibling  \" style='border-radius:0px; '><section class=\"av_textblock_section \"  itemscope=\"itemscope\" itemtype=\"https:\/\/schema.org\/CreativeWork\" ><div class='avia_textblock  '   itemprop=\"text\" ><p><strong>\u201cWo nehmen Sie die Energie her?\u201d werden wir gefragt. <\/strong><\/p>\n<p>Nun, hier sind einige unserer Energiequellen:<\/p>\n<p>a. Wir haben eine gute Zusammenarbeit mit einem fantastischen <a href=\"https:\/\/omilo.com\/de\/ueber\/lehrer-und-mitarbeiter\/\">Team von Lehrern<\/a><br \/>\nb. \u201e<a href=\"https:\/\/omilo.com\/de\/ueber\/zeugnisse-von-studenten\/\">Dankesch\u00f6n Mails<\/a>\u201d unserer Studenten erreichen uns regelm\u00e4\u00dfig;<br \/>\nc. Wir sehen das L\u00e4cheln auf den Gesichtern <a href=\"https:\/\/omilo.com\/de\/ueber\/unsere-studenten\/\">unserer Studenten<\/a>;<br \/>\nd. Wir begr\u00fc\u00dfen Jahr und Jahr viele Ex-Studenten erneut;<br \/>\ne. Wir genie\u00dfen die nat\u00fcrlichen Sch\u00f6nheiten und die kulturellen Veranstaltungen;<br \/>\nf. Wir treffen au\u00dfergew\u00f6hnliche Menschen aus der ganzen Welt;<br \/>\ng. Und von Zeit zu Zeit lesen wir unsere testimonials.<\/p>\n<p>All dies sind eine gro\u00dfe Quelle der Inspiration und Energie, und wir freuen uns schon auf die n\u00e4chsten 20 Jahre!<br \/>\nWir sind sehr stolz auf diese Leistung und unser Baby namens Omilo. Wir lieben unsere Arbeit und unsere h\u00f6chste Priorit\u00e4t ist es, Ihnen qualitativ hochwertige Sprachkurse und kulturelle Erlebnisse w\u00e4hrend Ihres Aufenthalts in Griechenland zu bieten.<\/p>\n<p>Maya and Dimitris Andreadis<\/p>\n<p><em>Klicken Sie hier, um unsere verschiedenen Fotoalben und Erinnerungen in den letzten 20 Jahren zu sehen. <\/em><\/p>\n<\/div><\/section><\/div>\n<\/p>\n<\/div><\/div><\/div><!-- close content main div --><\/div><\/div><div id='av_section_4'  class='avia-section main_color avia-section-huge avia-no-border-styling  av-parallax-section avia-bg-style-parallax  avia-builder-el-11  el_after_av_section  avia-builder-el-last   av-minimum-height av-minimum-height-25  container_wrap sidebar_right' style=' '  data-section-bg-repeat='no-repeat' data-av_minimum_height_pc='25'><div class='av-parallax' data-avia-parallax-ratio='0.3' ><div class='av-parallax-inner main_color  avia-full-stretch' style = 'background-repeat: no-repeat; background-image: url(https:\/\/omilo.com\/wp-content\/uploads\/2016\/07\/page-header-image-500px-014.jpg);background-attachment: scroll; background-position: top left; ' ><\/div><\/div><div class='container' ><div class='template-page content  av-content-small alpha units'><div class='post-entry post-entry-type-page post-entry-6126'><div class='entry-content-wrapper clearfix'>\n<div  class='avia-button-wrap avia-button-center  avia-builder-el-12  avia-builder-el-no-sibling ' ><a href='https:\/\/www.flickr.com\/photos\/omilohellas\/albums' class='avia-button avia-button-fullwidth   avia-icon_select-no avia-color-custom '  style='color:#ffffff; background-color:#db504a; ' ><div class='av-button-description av-button-description-above'><p>Wie 20 Jahre geflogen sind! Lassen Sie uns gemeinsam feiern und unsere Erinnerungen teilen!<\/p>\n<\/div><span class='avia_iconbox_title' >Flickr album<\/span><span class='avia_button_background avia-button avia-button-fullwidth avia-color-custom' style='background-color:#084c61;'><\/span><\/a><\/div>\n<\/div><\/div><\/div><!-- close content main div --><\/div><\/div><div id='after_section_4'  class='main_color av_default_container_wrap container_wrap sidebar_right' style=' '  ><div class='container' ><div class='template-page content  av-content-small alpha units'><div class='post-entry post-entry-type-page post-entry-6126'><div class='entry-content-wrapper clearfix'>\n","protected":false},"excerpt":{"rendered":"","protected":false},"author":8,"featured_media":0,"parent":6100,"menu_order":0,"comment_status":"closed","ping_status":"closed","template":"","meta":{"footnotes":""},"yoast_head":"<!-- This site is optimized with the Yoast SEO plugin v24.5 - https:\/\/yoast.com\/wordpress\/plugins\/seo\/ -->\n<title>25 Jahre Omilo | Omilo<\/title>\n<meta name=\"description\" content=\"Im Laufe der letzten 20 Jahre hat Omilo sich von einem Traum zu einer erfolgreichen griechischen Sprachschule erweitert.\" \/>\n<meta name=\"robots\" content=\"index, follow, max-snippet:-1, max-image-preview:large, max-video-preview:-1\" \/>\n<link rel=\"canonical\" href=\"https:\/\/omilo.com\/de\/ueber\/25-jahre-omilo\/\" \/>\n<meta property=\"og:locale\" content=\"de_DE\" \/>\n<meta property=\"og:type\" content=\"article\" \/>\n<meta property=\"og:title\" content=\"25 Jahre Omilo | Omilo\" \/>\n<meta property=\"og:description\" content=\"Im Laufe der letzten 20 Jahre hat Omilo sich von einem Traum zu einer erfolgreichen griechischen Sprachschule erweitert.\" \/>\n<meta property=\"og:url\" content=\"https:\/\/omilo.com\/de\/ueber\/25-jahre-omilo\/\" \/>\n<meta property=\"og:site_name\" content=\"Omilo\" \/>\n<meta property=\"article:publisher\" content=\"https:\/\/www.facebook.com\/omilohellas\/\" \/>\n<meta property=\"article:modified_time\" content=\"2022-10-07T13:18:38+00:00\" \/>\n<meta property=\"og:image\" content=\"https:\/\/omilo.com\/wp-content\/uploads\/2022\/10\/website-team-compressed-845x321.jpg\" \/>\n<meta name=\"twitter:card\" content=\"summary_large_image\" \/>\n<meta name=\"twitter:site\" content=\"@OmiloHellas\" \/>\n<meta name=\"twitter:label1\" content=\"Gesch\u00e4tzte Lesezeit\" \/>\n\t<meta name=\"twitter:data1\" content=\"6\u00a0Minuten\" \/>\n<script type=\"application\/ld+json\" class=\"yoast-schema-graph\">{\"@context\":\"https:\/\/schema.org\",\"@graph\":[{\"@type\":\"WebPage\",\"@id\":\"https:\/\/omilo.com\/de\/ueber\/25-jahre-omilo\/\",\"url\":\"https:\/\/omilo.com\/de\/ueber\/25-jahre-omilo\/\",\"name\":\"25 Jahre Omilo | Omilo\",\"isPartOf\":{\"@id\":\"https:\/\/omilo.com\/de\/#website\"},\"primaryImageOfPage\":{\"@id\":\"https:\/\/omilo.com\/de\/ueber\/25-jahre-omilo\/#primaryimage\"},\"image\":{\"@id\":\"https:\/\/omilo.com\/de\/ueber\/25-jahre-omilo\/#primaryimage\"},\"thumbnailUrl\":\"https:\/\/omilo.com\/wp-content\/uploads\/2022\/10\/website-team-compressed-845x321.jpg\",\"datePublished\":\"2016-07-06T15:00:39+00:00\",\"dateModified\":\"2022-10-07T13:18:38+00:00\",\"description\":\"Im Laufe der letzten 20 Jahre hat Omilo sich von einem Traum zu einer erfolgreichen griechischen Sprachschule erweitert.\",\"breadcrumb\":{\"@id\":\"https:\/\/omilo.com\/de\/ueber\/25-jahre-omilo\/#breadcrumb\"},\"inLanguage\":\"de\",\"potentialAction\":[{\"@type\":\"ReadAction\",\"target\":[\"https:\/\/omilo.com\/de\/ueber\/25-jahre-omilo\/\"]}]},{\"@type\":\"ImageObject\",\"inLanguage\":\"de\",\"@id\":\"https:\/\/omilo.com\/de\/ueber\/25-jahre-omilo\/#primaryimage\",\"url\":\"https:\/\/omilo.com\/wp-content\/uploads\/2022\/10\/website-team-compressed-845x321.jpg\",\"contentUrl\":\"https:\/\/omilo.com\/wp-content\/uploads\/2022\/10\/website-team-compressed-845x321.jpg\"},{\"@type\":\"BreadcrumbList\",\"@id\":\"https:\/\/omilo.com\/de\/ueber\/25-jahre-omilo\/#breadcrumb\",\"itemListElement\":[{\"@type\":\"ListItem\",\"position\":1,\"name\":\"Home\",\"item\":\"https:\/\/omilo.com\/de\/\"},{\"@type\":\"ListItem\",\"position\":2,\"name\":\"\u00dcber Omilo\",\"item\":\"https:\/\/omilo.com\/de\/ueber\/\"},{\"@type\":\"ListItem\",\"position\":3,\"name\":\"25 Jahre Omilo\"}]},{\"@type\":\"WebSite\",\"@id\":\"https:\/\/omilo.com\/de\/#website\",\"url\":\"https:\/\/omilo.com\/de\/\",\"name\":\"Omilo\",\"description\":\"Learning Greek in Greece\",\"publisher\":{\"@id\":\"https:\/\/omilo.com\/de\/#organization\"},\"potentialAction\":[{\"@type\":\"SearchAction\",\"target\":{\"@type\":\"EntryPoint\",\"urlTemplate\":\"https:\/\/omilo.com\/de\/?s={search_term_string}\"},\"query-input\":{\"@type\":\"PropertyValueSpecification\",\"valueRequired\":true,\"valueName\":\"search_term_string\"}}],\"inLanguage\":\"de\"},{\"@type\":\"Organization\",\"@id\":\"https:\/\/omilo.com\/de\/#organization\",\"name\":\"Omilo | Greek Language & Culture\",\"url\":\"https:\/\/omilo.com\/de\/\",\"logo\":{\"@type\":\"ImageObject\",\"inLanguage\":\"de\",\"@id\":\"https:\/\/omilo.com\/de\/#\/schema\/logo\/image\/\",\"url\":\"https:\/\/omilo.com\/wp-content\/uploads\/2017\/12\/logo-landing.png\",\"contentUrl\":\"https:\/\/omilo.com\/wp-content\/uploads\/2017\/12\/logo-landing.png\",\"width\":280,\"height\":99,\"caption\":\"Omilo | Greek Language & Culture\"},\"image\":{\"@id\":\"https:\/\/omilo.com\/de\/#\/schema\/logo\/image\/\"},\"sameAs\":[\"https:\/\/www.facebook.com\/omilohellas\/\",\"https:\/\/x.com\/OmiloHellas\",\"https:\/\/www.linkedin.com\/company\/omilo-greek-language-and-culture\",\"https:\/\/www.youtube.com\/user\/omiloteam\"]}]}<\/script>\n<!-- \/ Yoast SEO plugin. -->","yoast_head_json":{"title":"25 Jahre Omilo | Omilo","description":"Im Laufe der letzten 20 Jahre hat Omilo sich von einem Traum zu einer erfolgreichen griechischen Sprachschule erweitert.","robots":{"index":"index","follow":"follow","max-snippet":"max-snippet:-1","max-image-preview":"max-image-preview:large","max-video-preview":"max-video-preview:-1"},"canonical":"https:\/\/omilo.com\/de\/ueber\/25-jahre-omilo\/","og_locale":"de_DE","og_type":"article","og_title":"25 Jahre Omilo | Omilo","og_description":"Im Laufe der letzten 20 Jahre hat Omilo sich von einem Traum zu einer erfolgreichen griechischen Sprachschule erweitert.","og_url":"https:\/\/omilo.com\/de\/ueber\/25-jahre-omilo\/","og_site_name":"Omilo","article_publisher":"https:\/\/www.facebook.com\/omilohellas\/","article_modified_time":"2022-10-07T13:18:38+00:00","og_image":[{"url":"https:\/\/omilo.com\/wp-content\/uploads\/2022\/10\/website-team-compressed-845x321.jpg","type":"","width":"","height":""}],"twitter_card":"summary_large_image","twitter_site":"@OmiloHellas","twitter_misc":{"Gesch\u00e4tzte Lesezeit":"6\u00a0Minuten"},"schema":{"@context":"https:\/\/schema.org","@graph":[{"@type":"WebPage","@id":"https:\/\/omilo.com\/de\/ueber\/25-jahre-omilo\/","url":"https:\/\/omilo.com\/de\/ueber\/25-jahre-omilo\/","name":"25 Jahre Omilo | Omilo","isPartOf":{"@id":"https:\/\/omilo.com\/de\/#website"},"primaryImageOfPage":{"@id":"https:\/\/omilo.com\/de\/ueber\/25-jahre-omilo\/#primaryimage"},"image":{"@id":"https:\/\/omilo.com\/de\/ueber\/25-jahre-omilo\/#primaryimage"},"thumbnailUrl":"https:\/\/omilo.com\/wp-content\/uploads\/2022\/10\/website-team-compressed-845x321.jpg","datePublished":"2016-07-06T15:00:39+00:00","dateModified":"2022-10-07T13:18:38+00:00","description":"Im Laufe der letzten 20 Jahre hat Omilo sich von einem Traum zu einer erfolgreichen griechischen Sprachschule erweitert.","breadcrumb":{"@id":"https:\/\/omilo.com\/de\/ueber\/25-jahre-omilo\/#breadcrumb"},"inLanguage":"de","potentialAction":[{"@type":"ReadAction","target":["https:\/\/omilo.com\/de\/ueber\/25-jahre-omilo\/"]}]},{"@type":"ImageObject","inLanguage":"de","@id":"https:\/\/omilo.com\/de\/ueber\/25-jahre-omilo\/#primaryimage","url":"https:\/\/omilo.com\/wp-content\/uploads\/2022\/10\/website-team-compressed-845x321.jpg","contentUrl":"https:\/\/omilo.com\/wp-content\/uploads\/2022\/10\/website-team-compressed-845x321.jpg"},{"@type":"BreadcrumbList","@id":"https:\/\/omilo.com\/de\/ueber\/25-jahre-omilo\/#breadcrumb","itemListElement":[{"@type":"ListItem","position":1,"name":"Home","item":"https:\/\/omilo.com\/de\/"},{"@type":"ListItem","position":2,"name":"\u00dcber Omilo","item":"https:\/\/omilo.com\/de\/ueber\/"},{"@type":"ListItem","position":3,"name":"25 Jahre Omilo"}]},{"@type":"WebSite","@id":"https:\/\/omilo.com\/de\/#website","url":"https:\/\/omilo.com\/de\/","name":"Omilo","description":"Learning Greek in Greece","publisher":{"@id":"https:\/\/omilo.com\/de\/#organization"},"potentialAction":[{"@type":"SearchAction","target":{"@type":"EntryPoint","urlTemplate":"https:\/\/omilo.com\/de\/?s={search_term_string}"},"query-input":{"@type":"PropertyValueSpecification","valueRequired":true,"valueName":"search_term_string"}}],"inLanguage":"de"},{"@type":"Organization","@id":"https:\/\/omilo.com\/de\/#organization","name":"Omilo | Greek Language & Culture","url":"https:\/\/omilo.com\/de\/","logo":{"@type":"ImageObject","inLanguage":"de","@id":"https:\/\/omilo.com\/de\/#\/schema\/logo\/image\/","url":"https:\/\/omilo.com\/wp-content\/uploads\/2017\/12\/logo-landing.png","contentUrl":"https:\/\/omilo.com\/wp-content\/uploads\/2017\/12\/logo-landing.png","width":280,"height":99,"caption":"Omilo | Greek Language & Culture"},"image":{"@id":"https:\/\/omilo.com\/de\/#\/schema\/logo\/image\/"},"sameAs":["https:\/\/www.facebook.com\/omilohellas\/","https:\/\/x.com\/OmiloHellas","https:\/\/www.linkedin.com\/company\/omilo-greek-language-and-culture","https:\/\/www.youtube.com\/user\/omiloteam"]}]}},"_links":{"self":[{"href":"https:\/\/omilo.com\/de\/wp-json\/wp\/v2\/pages\/6126"}],"collection":[{"href":"https:\/\/omilo.com\/de\/wp-json\/wp\/v2\/pages"}],"about":[{"href":"https:\/\/omilo.com\/de\/wp-json\/wp\/v2\/types\/page"}],"author":[{"embeddable":true,"href":"https:\/\/omilo.com\/de\/wp-json\/wp\/v2\/users\/8"}],"replies":[{"embeddable":true,"href":"https:\/\/omilo.com\/de\/wp-json\/wp\/v2\/comments?post=6126"}],"version-history":[{"count":"3","href":"https:\/\/omilo.com\/de\/wp-json\/wp\/v2\/pages\/6126\/revisions"}],"predecessor-version":[{"id":33365,"href":"https:\/\/omilo.com\/de\/wp-json\/wp\/v2\/pages\/6126\/revisions\/33365"}],"up":[{"embeddable":true,"href":"https:\/\/omilo.com\/de\/wp-json\/wp\/v2\/pages\/6100"}],"wp:attachment":[{"href":"https:\/\/omilo.com\/de\/wp-json\/wp\/v2\/media?parent=6126"}],"curies":[{"name":"wp","href":"https:\/\/api.w.org\/{rel}","templated":true}]}}